{"id":62481,"date":"2026-04-23T08:47:49","date_gmt":"2026-04-23T08:47:49","guid":{"rendered":"https:\/\/lifandi.it\/property\/penthousewohnung-in-meran\/"},"modified":"2026-04-22T11:57:45","modified_gmt":"2026-04-22T11:57:45","slug":"penthousewohnung-in-meran","status":"publish","type":"property","link":"https:\/\/lifandi.it\/de\/property\/penthousewohnung-in-meran\/","title":{"rendered":"Penthousewohnung in Meran"},"content":{"rendered":"<p>Ref.: N075<\/p>\n<p>Meran: In unmittelbarer N\u00e4he zum Stadtzentrum und zum Reitplatz wird diese Penthouse-Dreizimmerwohnung mit gro\u00dfer Dachterrasse zum Verkauf angeboten. Sie \u00fcberzeugt durch ihre ruhige Lage in einem Kondominium, welches sich in hervorragenden Zustand befindet.<\/p>\n<p>Die Wohnung ist praktisch aufgeteilt in eine helle Wohnk\u00fcche, zwei Schlafzimmer, Badezimmer, Flur sowie einen Eingangsbereich.<br \/>\nBeide Schlafzimmer sowie die Wohnk\u00fcche verf\u00fcgen \u00fcber einen direkten Zugang zum Balkon, der anschlie\u00dfend auf die gro\u00dfz\u00fcgige Dachterrasse f\u00fchrt, ideal, um Zeit im Freien und unter der Sonne zu genie\u00dfen.<\/p>\n<p>Im Preis inbegriffen ist ein Keller. Zwei Garagen mit Anschluss f\u00fcr E-Autos k\u00f6nnen separat erworben werden:<br \/>\nGarage 1: 45.000 \u20ac<br \/>\nGarage 2: 35.000 \u20ac  <\/p>\n<p>Das Kondominium verf\u00fcgt au\u00dferdem \u00fcber einen gro\u00dfen gemeinschaftlichen Park, eine gemeinschaftliche Garage f\u00fcr Kinderw\u00e4gen und Fahrr\u00e4der sowie einen direkten Zugang zu einem Spielplatz, ideal f\u00fcr Kinder und Familien.<br \/>\nAnzumerken ist, dass die Wohnung NICHT KONVENTIONIERT ist und sich somit auch perfekt als Zweitwohnsitz in der Kurstadt Meran eignet.<\/p>\n","protected":false},"excerpt":{"rendered":"<p>Ref.: N075 Meran: In unmittelbarer N\u00e4he zum Stadtzentrum und zum Reitplatz wird diese Penthouse-Dreizimmerwohnung mit gro\u00dfer Dachterrasse zum Verkauf angeboten. Sie \u00fcberzeugt durch ihre ruhige Lage in einem Kondominium, welches sich in hervorragenden Zustand befindet. Die Wohnung ist praktisch aufgeteilt in eine helle Wohnk\u00fcche, zwei Schlafzimmer, Badezimmer, Flur sowie einen Eingangsbereich. Beide Schlafzimmer sowie die [&hellip;]<\/p>\n","protected":false},"author":6,"featured_media":62356,"parent":0,"menu_order":0,"template":"","property_type":[1402,1414,2126],"property_status":[1478],"property_feature":[],"property_label":[],"property_country":[1481],"property_state":[1564],"property_city":[1966],"property_area":[2206],"class_list":["post-62481","property","type-property","status-publish","has-post-thumbnail","hentry","property_type-wohnen","property_type-penthouse","property_type-penthouse-attikawohnung","property_status-verkauf","property_country-italien","property_state-bolzano","property_city-meran","property_area-maia-bassa"],"property_meta":{"_wp_page_template":["default"],"fave_currency":["EUR"],"fave_currency_info":[""],"fave_property_price":["490000"],"fave_property_price_postfix":["\u20ac"],"fave_property_size":["101"],"fave_property_size_prefix":["qm"],"fave_property_bedrooms":["2"],"fave_property_bathrooms":["1"],"fave_property_garage":["2"],"fave_property_map":["1"],"fave_property_id":["N075"],"fave_property_year":["2014"],"fave_property_country":["Italia"],"fave_featured":["0"],"houzez_featured_listing_date":[""],"fave_agent_display_option":["agent_info"],"fave_prop_homeslider":["no"],"fave_energy_class":["A1 (nur f\u00fcr APE 2015)"],"fave_energy_global_index":["kWH\/m\u00b2 pro Jahr \/ j\u00e4hrlich"],"floor_plans":["a:2:{i:0;a:2:{s:15:\"fave_plan_title\";s:9:\"Grundriss\";s:15:\"fave_plan_image\";s:59:\"https:\/\/lifandi.it\/wp-content\/uploads\/2026\/04\/010__plan.png\";}i:1;a:2:{s:15:\"fave_plan_title\";s:9:\"Grundriss\";s:15:\"fave_plan_image\";s:67:\"https:\/\/lifandi.it\/wp-content\/uploads\/2026\/04\/016__dachterrasse.png\";}}"],"fave_multi_units":["a:0:{}"],"additional_features":["a:0:{}"],"fave_property_map_address":[null],"fave_property_location":["46.664856108352325,11.155480084050692"],"houzez_geolocation_lat":["46.664856108352325"],"houzez_geolocation_long":["11.155480084050692"],"fave_stato-al-rogito":["libero"],"fave_consegna":["da accordare"],"fave_spese-condominiali":["165 \u20ac im Monat"],"fave_soggiorno":["nein"],"fave_soggiorno-con-angolo-cottura":["ja"],"fave_numero-locali":["3"],"fave_cucina":["nein"],"fave_giardino":["nein"],"fave_mansarda":["nein"],"fave_giardino-condominiale":["ja"],"fave_soffitta":["nein"],"fave_terrazzi":["1"],"fave_poggioli-balconi":["1"],"fave_sottotetto":["0"],"fave_ripostigli":["0"],"fave_mq-giardino":["0"],"fave_cantina":["ja"],"fave_piano-interrato":["ja"],"fave_piano-semi-interrato":["nein"],"fave_piano-terra":["nein"],"fave_piano-rialzato":["nein"],"fave_primo-piano":["nein"],"fave_piano-intermedio":["nein"],"fave_ultimo-piano":["ja"],"fave_piano-numero":["3"],"fave_totale-piani-edificio":["3"],"fave_totale-piani-unitc3a0":["1"],"fave_arredo":["ja"],"fave_cucina-arredata":["ja"],"fave_aria-condizionata":["nein"],"fave_caldaia-a-condensazione":["nein"],"fave_camino":["nein"],"fave_contacalorie":["ja"],"fave_predisposizione-aria-condizionata":["nein"],"fave_raffreddamento-a-pavimento":["nein"],"fave_riscaldamento-autonomo":["nein"],"fave_riscaldamento-centralizzato":["ja"],"fave_riscaldamento-semi-autonomo":["nein"],"fave_riscaldamento-termopompa":["nein"],"fave_pannelli-fotovoltaici":["nein"],"fave_pannelli-solari":["nein"],"fave_accesso-disabili":["ja"],"fave_ascensore":["ja"],"fave_nuovo":["nein"],"fave_grezzo":["nein"],"fave_stato-manutenzione":["optimal"],"fave_property_images":["62355","62357","62359","62361","62363","62365","62367","62369","62371","62373","62375","62377","62379","62381","62383"],"fave_agents":["30579"],"_wpml_word_count":["195"],"houzez_total_property_views":["10"],"houzez_views_by_date":["a:4:{s:10:\"04-22-2026\";i:3;s:10:\"04-24-2026\";i:1;s:10:\"04-25-2026\";i:3;s:10:\"04-26-2026\";i:3;}"],"houzez_recently_viewed":["2026-04-26 09:23:37"],"_thumbnail_id":["62356"],"_elementor_page_assets":["a:0:{}"]},"_links":{"self":[{"href":"https:\/\/lifandi.it\/de\/wp-json\/wp\/v2\/properties\/62481","targetHints":{"allow":["GET"]}}],"collection":[{"href":"https:\/\/lifandi.it\/de\/wp-json\/wp\/v2\/properties"}],"about":[{"href":"https:\/\/lifandi.it\/de\/wp-json\/wp\/v2\/types\/property"}],"author":[{"embeddable":true,"href":"https:\/\/lifandi.it\/de\/wp-json\/wp\/v2\/users\/6"}],"version-history":[{"count":0,"href":"https:\/\/lifandi.it\/de\/wp-json\/wp\/v2\/properties\/62481\/revisions"}],"wp:featuredmedia":[{"embeddable":true,"href":"https:\/\/lifandi.it\/de\/wp-json\/wp\/v2\/media\/62356"}],"wp:attachment":[{"href":"https:\/\/lifandi.it\/de\/wp-json\/wp\/v2\/media?parent=62481"}],"wp:term":[{"taxonomy":"property_type","embeddable":true,"href":"https:\/\/lifandi.it\/de\/wp-json\/wp\/v2\/property_type?post=62481"},{"taxonomy":"property_status","embeddable":true,"href":"https:\/\/lifandi.it\/de\/wp-json\/wp\/v2\/property_status?post=62481"},{"taxonomy":"property_feature","embeddable":true,"href":"https:\/\/lifandi.it\/de\/wp-json\/wp\/v2\/property_feature?post=62481"},{"taxonomy":"property_label","embeddable":true,"href":"https:\/\/lifandi.it\/de\/wp-json\/wp\/v2\/property_label?post=62481"},{"taxonomy":"property_country","embeddable":true,"href":"https:\/\/lifandi.it\/de\/wp-json\/wp\/v2\/property_country?post=62481"},{"taxonomy":"property_state","embeddable":true,"href":"https:\/\/lifandi.it\/de\/wp-json\/wp\/v2\/property_state?post=62481"},{"taxonomy":"property_city","embeddable":true,"href":"https:\/\/lifandi.it\/de\/wp-json\/wp\/v2\/property_city?post=62481"},{"taxonomy":"property_area","embeddable":true,"href":"https:\/\/lifandi.it\/de\/wp-json\/wp\/v2\/property_area?post=62481"}],"curies":[{"name":"wp","href":"https:\/\/api.w.org\/{rel}","templated":true}]}}