{"id":56062,"date":"2026-04-23T08:53:38","date_gmt":"2026-04-23T08:53:38","guid":{"rendered":"https:\/\/lifandi.it\/property\/2-zimmerwohnung-mit-keller-2\/"},"modified":"2026-04-15T15:36:01","modified_gmt":"2026-04-15T15:36:01","slug":"2-zimmerwohnung-mit-keller","status":"publish","type":"property","link":"https:\/\/lifandi.it\/de\/property\/2-zimmerwohnung-mit-keller\/","title":{"rendered":"2-Zimmerwohnung mit Keller"},"content":{"rendered":"<p>Ref. Nr: H002<\/p>\n<p>In ruhiger und angenehmer Wohnlage befindet sich diese helle 2-Zimmer-Wohnung, die durch ihre gelungene Raumaufteilung und ihr freundliches Wohnambiente \u00fcberzeugt. Sie eignet sich ideal sowohl als gem\u00fctliches Zuhause als auch als interessante Investitionsm\u00f6glichkeit. Der gro\u00dfz\u00fcgige Wohn- und Essbereich bildet das Herzst\u00fcck der Wohnung und schafft eine offene, einladende Atmosph\u00e4re. Von hier aus besteht ein direkter Zugang zum Dachboden, der sich hervorragend als zus\u00e4tzlicher Stauraum nutzen l\u00e4sst. Erg\u00e4nzt wird das Platzangebot durch einen eigenen Keller. Sowohl vom Wohnbereich als auch vom Schlafzimmer gelangt man auf den sonnigen Balkon, der zum Entspannen und Verweilen einl\u00e4dt. Das Badezimmer ist mit einer Badewanne ausgestattet und rundet das durchdachte Wohnkonzept ab. Eine Garage kann zus\u00e4tzlich zum Preis von \u20ac 30.000 erworben werden. Eine Immobilie, die Helligkeit, Funktionalit\u00e4t und Wohnqualit\u00e4t harmonisch miteinander verbindet.<\/p>\n","protected":false},"excerpt":{"rendered":"<p>Ref. Nr: H002 In ruhiger und angenehmer Wohnlage befindet sich diese helle 2-Zimmer-Wohnung, die durch ihre gelungene Raumaufteilung und ihr freundliches Wohnambiente \u00fcberzeugt. Sie eignet sich ideal sowohl als gem\u00fctliches Zuhause als auch als interessante Investitionsm\u00f6glichkeit. Der gro\u00dfz\u00fcgige Wohn- und Essbereich bildet das Herzst\u00fcck der Wohnung und schafft eine offene, einladende Atmosph\u00e4re. Von hier aus [&hellip;]<\/p>\n","protected":false},"author":6,"featured_media":56063,"parent":0,"menu_order":0,"template":"","property_type":[1402,1405,2169,1462,1463],"property_status":[1478],"property_feature":[],"property_label":[],"property_country":[1481],"property_state":[1564],"property_city":[2172],"property_area":[2173],"class_list":["post-56062","property","type-property","status-publish","has-post-thumbnail","hentry","property_type-wohnen","property_type-wohnung","property_type-2-zimmerwohnung","property_type-wohnung-2","property_type-2-zimmerwohnung-2","property_status-verkauf","property_country-italien","property_state-bolzano","property_city-partschins","property_area-rabla"],"property_meta":{"fave_currency":["EUR"],"fave_currency_info":[""],"fave_property_price":["210000"],"fave_property_price_postfix":["\u20ac"],"fave_property_size":["58"],"fave_property_size_prefix":["qm"],"fave_property_bedrooms":["1"],"fave_property_bathrooms":["1"],"fave_property_garage":["0"],"fave_property_map":["1"],"fave_property_id":["H002"],"fave_property_year":["1995"],"fave_property_country":["Italia"],"fave_featured":["0"],"houzez_featured_listing_date":[""],"fave_agent_display_option":["agent_info"],"fave_prop_homeslider":["no"],"fave_energy_class":["E"],"fave_energy_global_index":["kWH\/m\u00b2 pro Jahr \/ j\u00e4hrlich"],"floor_plans":["a:1:{i:0;a:2:{s:15:\"fave_plan_title\";s:9:\"Grundriss\";s:15:\"fave_plan_image\";s:59:\"https:\/\/lifandi.it\/wp-content\/uploads\/2026\/02\/013__plan.png\";}}"],"fave_multi_units":["a:0:{}"],"additional_features":["a:0:{}"],"fave_property_map_address":[null],"fave_property_location":["46.67161475514665,11.064326976485349"],"houzez_geolocation_lat":["46.67161475514665"],"houzez_geolocation_long":["11.064326976485349"],"fave_stato-al-rogito":["non_definito"],"fave_consegna":["sofort\/subito"],"fave_spese-condominiali":["60 \u20ac im Monat"],"fave_soggiorno":["ja"],"fave_soggiorno-con-angolo-cottura":["nein"],"fave_numero-locali":["2"],"fave_cucina":["ja"],"fave_giardino":["nein"],"fave_mansarda":["nein"],"fave_giardino-condominiale":["nein"],"fave_soffitta":["nein"],"fave_terrazzi":["0"],"fave_poggioli-balconi":["1"],"fave_sottotetto":["0"],"fave_ripostigli":["0"],"fave_mq-giardino":["0"],"fave_cantina":["ja"],"fave_piano-interrato":["nein"],"fave_piano-semi-interrato":["nein"],"fave_piano-terra":["nein"],"fave_piano-rialzato":["nein"],"fave_primo-piano":["nein"],"fave_piano-intermedio":["nein"],"fave_ultimo-piano":["nein"],"fave_piano-numero":["2"],"fave_totale-piani-edificio":["3"],"fave_totale-piani-unitc3a0":["1"],"fave_arredo":["nein"],"fave_cucina-arredata":["nein"],"fave_aria-condizionata":["nein"],"fave_caldaia-a-condensazione":["nein"],"fave_camino":["nein"],"fave_contacalorie":["nein"],"fave_predisposizione-aria-condizionata":["nein"],"fave_raffreddamento-a-pavimento":["nein"],"fave_riscaldamento-autonomo":["ja"],"fave_riscaldamento-centralizzato":["nein"],"fave_riscaldamento-semi-autonomo":["nein"],"fave_riscaldamento-termopompa":["nein"],"fave_pannelli-fotovoltaici":["nein"],"fave_pannelli-solari":["nein"],"fave_accesso-disabili":["nein"],"fave_ascensore":["ja"],"fave_nuovo":["nein"],"fave_grezzo":["nein"],"fave_stato-manutenzione":["gut"],"_wp_page_template":["default"],"fave_property_images":["56064","56066","56068","56070","56072","56074","56076","56078","56080","56082","56084","56086","56088"],"fave_agents":["30577"],"_wpml_word_count":["173"],"houzez_total_property_views":["37"],"houzez_views_by_date":["a:11:{s:10:\"04-15-2026\";i:1;s:10:\"04-16-2026\";i:11;s:10:\"04-17-2026\";i:4;s:10:\"04-18-2026\";i:1;s:10:\"04-19-2026\";i:3;s:10:\"04-20-2026\";i:4;s:10:\"04-21-2026\";i:5;s:10:\"04-22-2026\";i:1;s:10:\"04-24-2026\";i:2;s:10:\"04-25-2026\";i:2;s:10:\"04-26-2026\";i:3;}"],"houzez_recently_viewed":["2026-04-26 08:03:39"],"_thumbnail_id":["56063"],"_elementor_page_assets":["a:0:{}"]},"_links":{"self":[{"href":"https:\/\/lifandi.it\/de\/wp-json\/wp\/v2\/properties\/56062","targetHints":{"allow":["GET"]}}],"collection":[{"href":"https:\/\/lifandi.it\/de\/wp-json\/wp\/v2\/properties"}],"about":[{"href":"https:\/\/lifandi.it\/de\/wp-json\/wp\/v2\/types\/property"}],"author":[{"embeddable":true,"href":"https:\/\/lifandi.it\/de\/wp-json\/wp\/v2\/users\/6"}],"version-history":[{"count":1,"href":"https:\/\/lifandi.it\/de\/wp-json\/wp\/v2\/properties\/56062\/revisions"}],"predecessor-version":[{"id":58399,"href":"https:\/\/lifandi.it\/de\/wp-json\/wp\/v2\/properties\/56062\/revisions\/58399"}],"wp:featuredmedia":[{"embeddable":true,"href":"https:\/\/lifandi.it\/de\/wp-json\/wp\/v2\/media\/56063"}],"wp:attachment":[{"href":"https:\/\/lifandi.it\/de\/wp-json\/wp\/v2\/media?parent=56062"}],"wp:term":[{"taxonomy":"property_type","embeddable":true,"href":"https:\/\/lifandi.it\/de\/wp-json\/wp\/v2\/property_type?post=56062"},{"taxonomy":"property_status","embeddable":true,"href":"https:\/\/lifandi.it\/de\/wp-json\/wp\/v2\/property_status?post=56062"},{"taxonomy":"property_feature","embeddable":true,"href":"https:\/\/lifandi.it\/de\/wp-json\/wp\/v2\/property_feature?post=56062"},{"taxonomy":"property_label","embeddable":true,"href":"https:\/\/lifandi.it\/de\/wp-json\/wp\/v2\/property_label?post=56062"},{"taxonomy":"property_country","embeddable":true,"href":"https:\/\/lifandi.it\/de\/wp-json\/wp\/v2\/property_country?post=56062"},{"taxonomy":"property_state","embeddable":true,"href":"https:\/\/lifandi.it\/de\/wp-json\/wp\/v2\/property_state?post=56062"},{"taxonomy":"property_city","embeddable":true,"href":"https:\/\/lifandi.it\/de\/wp-json\/wp\/v2\/property_city?post=56062"},{"taxonomy":"property_area","embeddable":true,"href":"https:\/\/lifandi.it\/de\/wp-json\/wp\/v2\/property_area?post=56062"}],"curies":[{"name":"wp","href":"https:\/\/api.w.org\/{rel}","templated":true}]}}