{"id":53359,"date":"2026-04-23T08:52:42","date_gmt":"2026-04-23T08:52:42","guid":{"rendered":"https:\/\/lifandi.it\/property\/industriehallen-in-lana-zur-miete\/"},"modified":"2026-04-07T15:54:23","modified_gmt":"2026-04-07T15:54:23","slug":"industriehallen-in-lana-zur-miete","status":"publish","type":"property","link":"https:\/\/lifandi.it\/de\/property\/industriehallen-in-lana-zur-miete\/","title":{"rendered":"Industriehallen in Lana zur Miete"},"content":{"rendered":"<p>Ref. Nr: L005<\/p>\n<p>In attraktiver Lage, direkt an der Abfahrt zur Mebo, stehen zwei funktionale Industriehallen zur Verf\u00fcgung, die sich ideal f\u00fcr Logistik, Produktion oder gewerbliche Nutzung eignen. Beide Einheiten bieten gro\u00dfz\u00fcgige Fl\u00e4chen, gute Andienungsm\u00f6glichkeiten und flexible Nutzungspotenziale.<\/p>\n<p>Halle 1<br \/>\nGesamtfl\u00e4che: ca. 4.000 m\u00b2<br \/>\nRaumh\u00f6he: 6 m bis 8 m \u2013 geeignet f\u00fcr Hochregallager, Produktion oder<br \/>\ngro\u00dfvolumige Maschinen<br \/>\nVerf\u00fcgbarkeit: ab sofort<br \/>\nDie Halle \u00fcberzeugt durch ihre gro\u00dfz\u00fcgige Fl\u00e4che sowie die variablen<br \/>\nRaumh\u00f6hen, die eine effiziente Nutzung und flexible Einrichtung erm\u00f6glichen.<br \/>\nDank der sofortigen Verf\u00fcgbarkeit ist eine zeitnahe Betriebsaufnahme problemlos<br \/>\nm\u00f6glich.<\/p>\n<p>Halle 2<br \/>\nGesamtfl\u00e4che: ca. 2.500 m\u00b2<br \/>\nRaumh\u00f6he: 6 m<br \/>\nVerf\u00fcgbarkeit: ab Juni 2026<br \/>\nZusatzfl\u00e4chen: integrierte B\u00fcror\u00e4umlichkeiten f\u00fcr administrative Bereiche<br \/>\nDiese Halleneinheit bietet eine optimale Kombination aus Lager- bzw.<br \/>\nProduktionsfl\u00e4che und bereits vorhandenen B\u00fcrobereichen. Sie ist damit perfekt<br \/>\nf\u00fcr Unternehmen geeignet, die eine Komplettl\u00f6sung innerhalb eines einzigen<br \/>\nGeb\u00e4udes ben\u00f6tigen.<\/p>\n<p>Zus\u00e4tzlicher Service:<br \/>\nDer Vermieter bietet auf Wunsch zudem an, sich um die Kommissionierung der<br \/>\nWare des Mieters zu k\u00fcmmern \u2013 ein zus\u00e4tzlicher Vorteil, der insbesondere f\u00fcr<br \/>\nlogistische Abl\u00e4ufe eine deutliche Entlastung darstellen kann.<\/p>\n","protected":false},"excerpt":{"rendered":"<p>Ref. Nr: L005 In attraktiver Lage, direkt an der Abfahrt zur Mebo, stehen zwei funktionale Industriehallen zur Verf\u00fcgung, die sich ideal f\u00fcr Logistik, Produktion oder gewerbliche Nutzung eignen. Beide Einheiten bieten gro\u00dfz\u00fcgige Fl\u00e4chen, gute Andienungsm\u00f6glichkeiten und flexible Nutzungspotenziale. Halle 1 Gesamtfl\u00e4che: ca. 4.000 m\u00b2 Raumh\u00f6he: 6 m bis 8 m \u2013 geeignet f\u00fcr Hochregallager, Produktion [&hellip;]<\/p>\n","protected":false},"author":6,"featured_media":53295,"parent":0,"menu_order":0,"template":"","property_type":[2040,1469],"property_status":[1477],"property_feature":[],"property_label":[],"property_country":[1481],"property_state":[1564],"property_city":[1186],"property_area":[],"class_list":["post-53359","property","type-property","status-publish","has-post-thumbnail","hentry","property_type-gewerbeimmobilien","property_type-gewerbehalle","property_status-miete","property_country-italien","property_state-bolzano","property_city-lana-2"],"property_meta":{"fave_currency":["EUR"],"fave_currency_info":[""],"fave_property_price":["0"],"fave_property_price_postfix":["\u20ac"],"fave_property_size":["6500"],"fave_property_size_prefix":["qm"],"fave_property_bedrooms":["0"],"fave_property_bathrooms":["0"],"fave_property_garage":["0"],"fave_property_map":["1"],"fave_property_id":["L005"],"fave_property_country":["Italia"],"fave_featured":["0"],"houzez_featured_listing_date":[""],"fave_agent_display_option":["agent_info"],"fave_prop_homeslider":["no"],"fave_energy_class":["In Bearbeitung"],"fave_energy_global_index":["kWH\/m\u00b2 pro Jahr \/ j\u00e4hrlich"],"floor_plans":["a:0:{}"],"fave_multi_units":["a:0:{}"],"additional_features":["a:0:{}"],"fave_property_map_address":[null],"fave_property_location":["46.6134629,11.1570555"],"houzez_geolocation_lat":["46.6134629"],"houzez_geolocation_long":["11.1570555"],"fave_stato-al-rogito":["non_definito"],"fave_consegna":["da subito"],"fave_spese-condominiali":[" \u20ac im Monat"],"fave_soggiorno":["nein"],"fave_soggiorno-con-angolo-cottura":["nein"],"fave_numero-locali":["0"],"fave_cucina":["nein"],"fave_giardino":["nein"],"fave_mansarda":["nein"],"fave_giardino-condominiale":["nein"],"fave_soffitta":["nein"],"fave_terrazzi":["0"],"fave_poggioli-balconi":["0"],"fave_sottotetto":["0"],"fave_ripostigli":["0"],"fave_mq-giardino":["0"],"fave_cantina":["nein"],"fave_piano-interrato":["nein"],"fave_piano-semi-interrato":["nein"],"fave_piano-terra":["ja"],"fave_piano-rialzato":["nein"],"fave_primo-piano":["nein"],"fave_piano-intermedio":["nein"],"fave_ultimo-piano":["nein"],"fave_piano-numero":["nicht angegeben"],"fave_totale-piani-edificio":["nicht angegeben"],"fave_totale-piani-unitc3a0":["0"],"fave_arredo":["nein"],"fave_cucina-arredata":["nein"],"fave_aria-condizionata":["nein"],"fave_caldaia-a-condensazione":["nein"],"fave_camino":["nein"],"fave_contacalorie":["nein"],"fave_predisposizione-aria-condizionata":["nein"],"fave_raffreddamento-a-pavimento":["nein"],"fave_riscaldamento-autonomo":["nein"],"fave_riscaldamento-centralizzato":["nein"],"fave_riscaldamento-semi-autonomo":["nein"],"fave_riscaldamento-termopompa":["nein"],"fave_pannelli-fotovoltaici":["nein"],"fave_pannelli-solari":["nein"],"fave_accesso-disabili":["nein"],"fave_ascensore":["nein"],"fave_nuovo":["nein"],"fave_grezzo":["nein"],"fave_stato-manutenzione":["gut"],"_wp_page_template":["default"],"fave_property_images":["53294","60686","60688","60690","60692","60694","60696","60698","60700","60702","60704"],"fave_agents":["30586"],"_wpml_word_count":["240"],"houzez_total_property_views":["48"],"houzez_views_by_date":["a:16:{s:10:\"04-08-2026\";i:8;s:10:\"04-09-2026\";i:8;s:10:\"04-10-2026\";i:2;s:10:\"04-11-2026\";i:3;s:10:\"04-12-2026\";i:6;s:10:\"04-13-2026\";i:1;s:10:\"04-14-2026\";i:1;s:10:\"04-15-2026\";i:2;s:10:\"04-16-2026\";i:1;s:10:\"04-18-2026\";i:1;s:10:\"04-19-2026\";i:3;s:10:\"04-21-2026\";i:1;s:10:\"04-22-2026\";i:3;s:10:\"04-23-2026\";i:5;s:10:\"04-25-2026\";i:1;s:10:\"04-26-2026\";i:2;}"],"houzez_recently_viewed":["2026-04-26 09:23:58"],"_thumbnail_id":["53295"],"_elementor_page_assets":["a:0:{}"]},"_links":{"self":[{"href":"https:\/\/lifandi.it\/de\/wp-json\/wp\/v2\/properties\/53359","targetHints":{"allow":["GET"]}}],"collection":[{"href":"https:\/\/lifandi.it\/de\/wp-json\/wp\/v2\/properties"}],"about":[{"href":"https:\/\/lifandi.it\/de\/wp-json\/wp\/v2\/types\/property"}],"author":[{"embeddable":true,"href":"https:\/\/lifandi.it\/de\/wp-json\/wp\/v2\/users\/6"}],"version-history":[{"count":1,"href":"https:\/\/lifandi.it\/de\/wp-json\/wp\/v2\/properties\/53359\/revisions"}],"predecessor-version":[{"id":53361,"href":"https:\/\/lifandi.it\/de\/wp-json\/wp\/v2\/properties\/53359\/revisions\/53361"}],"wp:featuredmedia":[{"embeddable":true,"href":"https:\/\/lifandi.it\/de\/wp-json\/wp\/v2\/media\/53295"}],"wp:attachment":[{"href":"https:\/\/lifandi.it\/de\/wp-json\/wp\/v2\/media?parent=53359"}],"wp:term":[{"taxonomy":"property_type","embeddable":true,"href":"https:\/\/lifandi.it\/de\/wp-json\/wp\/v2\/property_type?post=53359"},{"taxonomy":"property_status","embeddable":true,"href":"https:\/\/lifandi.it\/de\/wp-json\/wp\/v2\/property_status?post=53359"},{"taxonomy":"property_feature","embeddable":true,"href":"https:\/\/lifandi.it\/de\/wp-json\/wp\/v2\/property_feature?post=53359"},{"taxonomy":"property_label","embeddable":true,"href":"https:\/\/lifandi.it\/de\/wp-json\/wp\/v2\/property_label?post=53359"},{"taxonomy":"property_country","embeddable":true,"href":"https:\/\/lifandi.it\/de\/wp-json\/wp\/v2\/property_country?post=53359"},{"taxonomy":"property_state","embeddable":true,"href":"https:\/\/lifandi.it\/de\/wp-json\/wp\/v2\/property_state?post=53359"},{"taxonomy":"property_city","embeddable":true,"href":"https:\/\/lifandi.it\/de\/wp-json\/wp\/v2\/property_city?post=53359"},{"taxonomy":"property_area","embeddable":true,"href":"https:\/\/lifandi.it\/de\/wp-json\/wp\/v2\/property_area?post=53359"}],"curies":[{"name":"wp","href":"https:\/\/api.w.org\/{rel}","templated":true}]}}