{"id":47199,"date":"2026-04-23T08:50:31","date_gmt":"2026-04-23T08:50:31","guid":{"rendered":"https:\/\/lifandi.it\/property\/gewerbehalle-mit-2-wohnungen\/"},"modified":"2026-04-02T13:43:24","modified_gmt":"2026-04-02T13:43:24","slug":"gewerbehalle-mit-2-wohnungen","status":"publish","type":"property","link":"https:\/\/lifandi.it\/de\/property\/gewerbehalle-mit-2-wohnungen\/","title":{"rendered":"Gewerbehalle mit 2 Wohnungen"},"content":{"rendered":"<p>Nr.Rif: N070<\/p>\n<p>In der Handwerkerzone Bozen Nord steht exklusiv diese auf drei Seiten freistehende Gewerbeimmobilie zum Verkauf. Das Geb\u00e4ude erstreckt sich \u00fcber vier Etagen, die durch einen Lastenaufzug miteinander verbunden sind. Im Erdgeschoss befinden sich ein gro\u00dfer Hof, ideal f\u00fcr Be- und Entladung oder als Parkplatz, zwei Lagerhallen mit einer H\u00f6he von ca. 5 Metern, drei Abstellr\u00e4ume, Umkleideraum, Bad und ein Vorraum. Im Hochparterre gibt es zwei B\u00fcros mit Blick in die Lagerbereiche. Im ersten Stock befinden sich weitere B\u00fcros, zwei gro\u00dfz\u00fcgige Wohnungen (teilweise in Arbeitsbereiche umwandelbar), Lagerraum, Silo und drei Balkone. Die oberste Etage bietet eine gro\u00dfe, sonnige Terrasse mit BBQ-Bereich, Garten und Ruhezone. Im Untergeschoss befinden sich zwei Lager und zwei Technikr\u00e4ume. Eine zus\u00e4tzliche Garage ist im Preis inbegriffen. Die Immobilie befindet sich in strategisch g\u00fcnstiger Lage und eignet sich f\u00fcr verschiedene Unternehmensarten.<\/p>\n","protected":false},"excerpt":{"rendered":"<p>Nr.Rif: N070 In der Handwerkerzone Bozen Nord steht exklusiv diese auf drei Seiten freistehende Gewerbeimmobilie zum Verkauf. Das Geb\u00e4ude erstreckt sich \u00fcber vier Etagen, die durch einen Lastenaufzug miteinander verbunden sind. Im Erdgeschoss befinden sich ein gro\u00dfer Hof, ideal f\u00fcr Be- und Entladung oder als Parkplatz, zwei Lagerhallen mit einer H\u00f6he von ca. 5 Metern, [&hellip;]<\/p>\n","protected":false},"author":6,"featured_media":54861,"parent":0,"menu_order":0,"template":"","property_type":[2040,1469],"property_status":[1478],"property_feature":[],"property_label":[],"property_country":[1481],"property_state":[1564],"property_city":[1948],"property_area":[1881],"class_list":["post-47199","property","type-property","status-publish","has-post-thumbnail","hentry","property_type-gewerbeimmobilien","property_type-gewerbehalle","property_status-verkauf","property_country-italien","property_state-bolzano","property_city-bozen","property_area-piani"],"property_meta":{"fave_currency":["EUR"],"fave_currency_info":[""],"fave_property_price":["1995000"],"fave_property_price_postfix":["\u20ac"],"fave_property_size":["1510"],"fave_property_size_prefix":["qm"],"fave_property_bedrooms":["mehr als 3"],"fave_property_bathrooms":["4"],"fave_property_garage":["1"],"fave_property_map":["1"],"fave_property_id":["N070"],"fave_property_year":["1988"],"fave_property_country":["Italia"],"fave_featured":["0"],"houzez_featured_listing_date":[""],"fave_agent_display_option":["agent_info"],"fave_prop_homeslider":["no"],"fave_energy_class":["G"],"fave_energy_global_index":["kWH\/m\u00b2 pro Jahr \/ j\u00e4hrlich"],"floor_plans":["a:0:{}"],"fave_multi_units":["a:0:{}"],"additional_features":["a:0:{}"],"fave_property_map_address":[null],"fave_property_location":["46.49592545841421,11.37113932151584"],"houzez_geolocation_lat":["46.49592545841421"],"houzez_geolocation_long":["11.37113932151584"],"fave_stato-al-rogito":["occupato"],"fave_consegna":["da concordare"],"fave_spese-condominiali":[" \u20ac im Monat"],"fave_soggiorno":["ja"],"fave_soggiorno-con-angolo-cottura":["ja"],"fave_numero-locali":["6"],"fave_cucina":["ja"],"fave_giardino":["ja"],"fave_mansarda":["nein"],"fave_giardino-condominiale":["nein"],"fave_soffitta":["nein"],"fave_terrazzi":["1"],"fave_poggioli-balconi":["3"],"fave_sottotetto":["0"],"fave_ripostigli":["1"],"fave_mq-giardino":["0"],"fave_cantina":["ja"],"fave_piano-interrato":["ja"],"fave_piano-semi-interrato":["nein"],"fave_piano-terra":["ja"],"fave_piano-rialzato":["ja"],"fave_primo-piano":["ja"],"fave_piano-intermedio":["nein"],"fave_ultimo-piano":["ja"],"fave_piano-numero":["nicht angegeben"],"fave_totale-piani-edificio":["4"],"fave_totale-piani-unitc3a0":["0"],"fave_arredo":["ja"],"fave_cucina-arredata":["ja"],"fave_aria-condizionata":["ja"],"fave_caldaia-a-condensazione":["nein"],"fave_camino":["ja"],"fave_contacalorie":["nein"],"fave_predisposizione-aria-condizionata":["ja"],"fave_raffreddamento-a-pavimento":["nein"],"fave_riscaldamento-autonomo":["ja"],"fave_riscaldamento-centralizzato":["nein"],"fave_riscaldamento-semi-autonomo":["nein"],"fave_riscaldamento-termopompa":["nein"],"fave_pannelli-fotovoltaici":["nein"],"fave_pannelli-solari":["nein"],"fave_accesso-disabili":["nein"],"fave_ascensore":["nein"],"fave_nuovo":["nein"],"fave_grezzo":["nein"],"fave_stato-manutenzione":["gut"],"_wp_page_template":["default"],"fave_property_images":["54862","54865","54867","54869","54871","54873","54875"],"fave_agents":["30579"],"_wpml_word_count":["172"],"houzez_total_property_views":["39"],"houzez_views_by_date":["a:21:{s:10:\"04-03-2026\";i:1;s:10:\"04-04-2026\";i:2;s:10:\"04-05-2026\";i:3;s:10:\"04-06-2026\";i:1;s:10:\"04-07-2026\";i:1;s:10:\"04-08-2026\";i:3;s:10:\"04-11-2026\";i:1;s:10:\"04-12-2026\";i:1;s:10:\"04-13-2026\";i:3;s:10:\"04-14-2026\";i:1;s:10:\"04-15-2026\";i:1;s:10:\"04-16-2026\";i:1;s:10:\"04-17-2026\";i:1;s:10:\"04-18-2026\";i:1;s:10:\"04-19-2026\";i:3;s:10:\"04-20-2026\";i:1;s:10:\"04-21-2026\";i:4;s:10:\"04-22-2026\";i:2;s:10:\"04-24-2026\";i:2;s:10:\"04-25-2026\";i:3;s:10:\"04-26-2026\";i:3;}"],"houzez_recently_viewed":["2026-04-26 09:23:42"],"_thumbnail_id":["54861"],"_elementor_page_assets":["a:0:{}"]},"_links":{"self":[{"href":"https:\/\/lifandi.it\/de\/wp-json\/wp\/v2\/properties\/47199","targetHints":{"allow":["GET"]}}],"collection":[{"href":"https:\/\/lifandi.it\/de\/wp-json\/wp\/v2\/properties"}],"about":[{"href":"https:\/\/lifandi.it\/de\/wp-json\/wp\/v2\/types\/property"}],"author":[{"embeddable":true,"href":"https:\/\/lifandi.it\/de\/wp-json\/wp\/v2\/users\/6"}],"version-history":[{"count":1,"href":"https:\/\/lifandi.it\/de\/wp-json\/wp\/v2\/properties\/47199\/revisions"}],"predecessor-version":[{"id":47846,"href":"https:\/\/lifandi.it\/de\/wp-json\/wp\/v2\/properties\/47199\/revisions\/47846"}],"wp:featuredmedia":[{"embeddable":true,"href":"https:\/\/lifandi.it\/de\/wp-json\/wp\/v2\/media\/54861"}],"wp:attachment":[{"href":"https:\/\/lifandi.it\/de\/wp-json\/wp\/v2\/media?parent=47199"}],"wp:term":[{"taxonomy":"property_type","embeddable":true,"href":"https:\/\/lifandi.it\/de\/wp-json\/wp\/v2\/property_type?post=47199"},{"taxonomy":"property_status","embeddable":true,"href":"https:\/\/lifandi.it\/de\/wp-json\/wp\/v2\/property_status?post=47199"},{"taxonomy":"property_feature","embeddable":true,"href":"https:\/\/lifandi.it\/de\/wp-json\/wp\/v2\/property_feature?post=47199"},{"taxonomy":"property_label","embeddable":true,"href":"https:\/\/lifandi.it\/de\/wp-json\/wp\/v2\/property_label?post=47199"},{"taxonomy":"property_country","embeddable":true,"href":"https:\/\/lifandi.it\/de\/wp-json\/wp\/v2\/property_country?post=47199"},{"taxonomy":"property_state","embeddable":true,"href":"https:\/\/lifandi.it\/de\/wp-json\/wp\/v2\/property_state?post=47199"},{"taxonomy":"property_city","embeddable":true,"href":"https:\/\/lifandi.it\/de\/wp-json\/wp\/v2\/property_city?post=47199"},{"taxonomy":"property_area","embeddable":true,"href":"https:\/\/lifandi.it\/de\/wp-json\/wp\/v2\/property_area?post=47199"}],"curies":[{"name":"wp","href":"https:\/\/api.w.org\/{rel}","templated":true}]}}