{"id":47193,"date":"2026-04-23T08:52:24","date_gmt":"2026-04-23T08:52:24","guid":{"rendered":"https:\/\/lifandi.it\/property\/tabaktarif-lizenz\/"},"modified":"2026-04-02T13:46:01","modified_gmt":"2026-04-02T13:46:01","slug":"tabaktarif-lizenz","status":"publish","type":"property","link":"https:\/\/lifandi.it\/de\/property\/tabaktarif-lizenz\/","title":{"rendered":"Tabaktarif Lizenz"},"content":{"rendered":"<p>Nr.Rif: N017<\/p>\n<p>In Kurtinig an der Weinstra\u00dfe wird exklusiv ein traditionsreiches Tabakwarengesch\u00e4ft zum Verkauf angeboten, das seit \u00fcber dreizehn Jahren erfolgreich gef\u00fchrt wird und dank seiner zentralen Lage sowie der hervorragenden Sichtbarkeit an einer stark befahrenen Hauptstra\u00dfe stabile und konstante Einnahmen garantiert. Das Gesch\u00e4ftslokal hat eine Nettofl\u00e4che von ca. 60 m\u00b2 und ist unterteilt in Verkaufsraum, kleinen Lager-\/Abstellraum und zwei WCs. Es besteht au\u00dferdem die M\u00f6glichkeit, eine Bartheke hinzuzuf\u00fcgen, um das Angebot zu erweitern.<br \/>\nWichtiger Hinweis: Zum Verkauf steht ausschlie\u00dflich die Lizenz, nicht die Immobilie. Das Inventar ist nicht im Verkaufspreis inbegriffen, kann jedoch separat erworben werden.<\/p>\n","protected":false},"excerpt":{"rendered":"<p>Nr.Rif: N017 In Kurtinig an der Weinstra\u00dfe wird exklusiv ein traditionsreiches Tabakwarengesch\u00e4ft zum Verkauf angeboten, das seit \u00fcber dreizehn Jahren erfolgreich gef\u00fchrt wird und dank seiner zentralen Lage sowie der hervorragenden Sichtbarkeit an einer stark befahrenen Hauptstra\u00dfe stabile und konstante Einnahmen garantiert. Das Gesch\u00e4ftslokal hat eine Nettofl\u00e4che von ca. 60 m\u00b2 und ist unterteilt in [&hellip;]<\/p>\n","protected":false},"author":6,"featured_media":50962,"parent":0,"menu_order":0,"template":"","property_type":[2040,1925,1914,2103,2137],"property_status":[1478],"property_feature":[],"property_label":[],"property_country":[1481],"property_state":[1564],"property_city":[1957],"property_area":[1878],"class_list":["post-47193","property","type-property","status-publish","has-post-thumbnail","hentry","property_type-gewerbeimmobilien","property_type-tabakladen","property_type-gewerbeeinheit-geschaftslokal","property_type-gewerbeeinheit-geschaeftslokal","property_type-tabaklaeden","property_status-verkauf","property_country-italien","property_state-bolzano","property_city-kurtinig-an-der-weinstrase","property_area-cortina-centro"],"property_meta":{"fave_currency":["EUR"],"fave_currency_info":[""],"fave_property_price":["110000"],"fave_property_price_postfix":["\u20ac"],"fave_property_size":["73"],"fave_property_size_prefix":["qm"],"fave_property_bedrooms":["1"],"fave_property_bathrooms":["1"],"fave_property_garage":["0"],"fave_property_map":["1"],"fave_property_id":["N017"],"fave_property_country":["Italia"],"fave_featured":["0"],"houzez_featured_listing_date":[""],"fave_agent_display_option":["agent_info"],"fave_prop_homeslider":["no"],"fave_energy_class":["G"],"fave_energy_global_index":["kWH\/m\u00b2 pro Jahr \/ j\u00e4hrlich"],"floor_plans":["a:0:{}"],"fave_multi_units":["a:0:{}"],"additional_features":["a:0:{}"],"fave_property_map_address":[null],"fave_property_location":["46.26859,11.22258"],"houzez_geolocation_lat":["46.26859"],"houzez_geolocation_long":["11.22258"],"fave_stato-al-rogito":["occupato"],"fave_consegna":["su richiesta"],"fave_spese-condominiali":[" \u20ac im Monat"],"fave_soggiorno":["nein"],"fave_soggiorno-con-angolo-cottura":["nein"],"fave_numero-locali":["1"],"fave_cucina":["nein"],"fave_giardino":["nein"],"fave_mansarda":["nein"],"fave_giardino-condominiale":["nein"],"fave_soffitta":["nein"],"fave_terrazzi":["0"],"fave_poggioli-balconi":["0"],"fave_sottotetto":["0"],"fave_ripostigli":["0"],"fave_mq-giardino":["0"],"fave_cantina":["nein"],"fave_piano-interrato":["nein"],"fave_piano-semi-interrato":["nein"],"fave_piano-terra":["ja"],"fave_piano-rialzato":["nein"],"fave_primo-piano":["nein"],"fave_piano-intermedio":["nein"],"fave_ultimo-piano":["nein"],"fave_piano-numero":["0"],"fave_totale-piani-edificio":["nicht angegeben"],"fave_totale-piani-unitc3a0":["0"],"fave_arredo":["nein"],"fave_cucina-arredata":["nein"],"fave_aria-condizionata":["nein"],"fave_caldaia-a-condensazione":["nein"],"fave_camino":["nein"],"fave_contacalorie":["nein"],"fave_predisposizione-aria-condizionata":["nein"],"fave_raffreddamento-a-pavimento":["nein"],"fave_riscaldamento-autonomo":["nein"],"fave_riscaldamento-centralizzato":["nein"],"fave_riscaldamento-semi-autonomo":["nein"],"fave_riscaldamento-termopompa":["nein"],"fave_pannelli-fotovoltaici":["nein"],"fave_pannelli-solari":["nein"],"fave_accesso-disabili":["nein"],"fave_ascensore":["nein"],"fave_nuovo":["nein"],"fave_grezzo":["nein"],"fave_stato-manutenzione":["gut"],"_wp_page_template":["default"],"fave_property_images":["50963","50965","50967","50969","50971","50973","50975","50977","50979","50981","50983","50985","50987","50989","50991"],"fave_agents":["30579"],"_wpml_word_count":["131"],"houzez_total_property_views":["43"],"houzez_views_by_date":["a:17:{s:10:\"04-02-2026\";i:2;s:10:\"04-03-2026\";i:1;s:10:\"04-04-2026\";i:1;s:10:\"04-05-2026\";i:6;s:10:\"04-06-2026\";i:2;s:10:\"04-07-2026\";i:3;s:10:\"04-08-2026\";i:6;s:10:\"04-09-2026\";i:1;s:10:\"04-12-2026\";i:3;s:10:\"04-13-2026\";i:1;s:10:\"04-15-2026\";i:2;s:10:\"04-16-2026\";i:2;s:10:\"04-17-2026\";i:2;s:10:\"04-19-2026\";i:4;s:10:\"04-21-2026\";i:2;s:10:\"04-25-2026\";i:2;s:10:\"04-26-2026\";i:3;}"],"houzez_recently_viewed":["2026-04-26 09:23:43"],"_thumbnail_id":["50962"],"_elementor_page_assets":["a:0:{}"]},"_links":{"self":[{"href":"https:\/\/lifandi.it\/de\/wp-json\/wp\/v2\/properties\/47193","targetHints":{"allow":["GET"]}}],"collection":[{"href":"https:\/\/lifandi.it\/de\/wp-json\/wp\/v2\/properties"}],"about":[{"href":"https:\/\/lifandi.it\/de\/wp-json\/wp\/v2\/types\/property"}],"author":[{"embeddable":true,"href":"https:\/\/lifandi.it\/de\/wp-json\/wp\/v2\/users\/6"}],"version-history":[{"count":1,"href":"https:\/\/lifandi.it\/de\/wp-json\/wp\/v2\/properties\/47193\/revisions"}],"predecessor-version":[{"id":47840,"href":"https:\/\/lifandi.it\/de\/wp-json\/wp\/v2\/properties\/47193\/revisions\/47840"}],"wp:featuredmedia":[{"embeddable":true,"href":"https:\/\/lifandi.it\/de\/wp-json\/wp\/v2\/media\/50962"}],"wp:attachment":[{"href":"https:\/\/lifandi.it\/de\/wp-json\/wp\/v2\/media?parent=47193"}],"wp:term":[{"taxonomy":"property_type","embeddable":true,"href":"https:\/\/lifandi.it\/de\/wp-json\/wp\/v2\/property_type?post=47193"},{"taxonomy":"property_status","embeddable":true,"href":"https:\/\/lifandi.it\/de\/wp-json\/wp\/v2\/property_status?post=47193"},{"taxonomy":"property_feature","embeddable":true,"href":"https:\/\/lifandi.it\/de\/wp-json\/wp\/v2\/property_feature?post=47193"},{"taxonomy":"property_label","embeddable":true,"href":"https:\/\/lifandi.it\/de\/wp-json\/wp\/v2\/property_label?post=47193"},{"taxonomy":"property_country","embeddable":true,"href":"https:\/\/lifandi.it\/de\/wp-json\/wp\/v2\/property_country?post=47193"},{"taxonomy":"property_state","embeddable":true,"href":"https:\/\/lifandi.it\/de\/wp-json\/wp\/v2\/property_state?post=47193"},{"taxonomy":"property_city","embeddable":true,"href":"https:\/\/lifandi.it\/de\/wp-json\/wp\/v2\/property_city?post=47193"},{"taxonomy":"property_area","embeddable":true,"href":"https:\/\/lifandi.it\/de\/wp-json\/wp\/v2\/property_area?post=47193"}],"curies":[{"name":"wp","href":"https:\/\/api.w.org\/{rel}","templated":true}]}}