{"id":47077,"date":"2026-04-23T08:51:41","date_gmt":"2026-04-23T08:51:41","guid":{"rendered":"https:\/\/lifandi.it\/property\/buero-2\/"},"modified":"2026-04-02T13:44:56","modified_gmt":"2026-04-02T13:44:56","slug":"buero-zu-vermieten","status":"publish","type":"property","link":"https:\/\/lifandi.it\/de\/property\/buero-zu-vermieten\/","title":{"rendered":"B\u00fcro zu vermieten"},"content":{"rendered":"<p>Nr.Rif: I007<\/p>\n<p>In der Via Crispi 9, in zentraler Lage und mit hervorragender Anbindung, steht ein gro\u00dfes B\u00fcro mit einer Fl\u00e4che von 336,16 m\u00b2 im ersten Stock zur Vermietung bereit.<br \/>\nDie monatliche Miete betr\u00e4gt 5.700,00 \u20ac zuz\u00fcglich Mehrwertsteuer, die Nebenkosten belaufen sich auf ca. 8.600,00 \u20ac pro Jahr. Das Angebot umfasst au\u00dferdem Stellpl\u00e4tze in der Garage und einen privaten Fahrradabstellplatz. Die Stellpl\u00e4tze sind f\u00fcr Privatpersonen zum Preis von 100 \u20ac pro Monat und f\u00fcr Unternehmen zum Preis von 120 \u20ac pro Monat verf\u00fcgbar.<br \/>\nDie Immobilie wird gestrichen, gereinigt und bezugsfertig \u00fcbergeben und ist sofort verf\u00fcgbar.<\/p>\n","protected":false},"excerpt":{"rendered":"<p>Nr.Rif: I007 In der Via Crispi 9, in zentraler Lage und mit hervorragender Anbindung, steht ein gro\u00dfes B\u00fcro mit einer Fl\u00e4che von 336,16 m\u00b2 im ersten Stock zur Vermietung bereit. Die monatliche Miete betr\u00e4gt 5.700,00 \u20ac zuz\u00fcglich Mehrwertsteuer, die Nebenkosten belaufen sich auf ca. 8.600,00 \u20ac pro Jahr. Das Angebot umfasst au\u00dferdem Stellpl\u00e4tze in der [&hellip;]<\/p>\n","protected":false},"author":6,"featured_media":41494,"parent":0,"menu_order":0,"template":"","property_type":[2040,1476,2121],"property_status":[1477],"property_feature":[],"property_label":[],"property_country":[1481],"property_state":[1564],"property_city":[1948],"property_area":[1846],"class_list":["post-47077","property","type-property","status-publish","has-post-thumbnail","hentry","property_type-gewerbeimmobilien","property_type-buro","property_type-buero","property_status-miete","property_country-italien","property_state-bolzano","property_city-bozen","property_area-bolzano-centro"],"property_meta":{"fave_currency":["EUR"],"fave_currency_info":[""],"fave_property_price":["5700"],"fave_property_price_postfix":["\u20ac"],"fave_property_size":["336"],"fave_property_size_prefix":["qm"],"fave_property_bedrooms":["8"],"fave_property_bathrooms":["2"],"fave_property_garage":["0"],"fave_property_map":["1"],"fave_property_id":["I007"],"fave_property_country":["Italia"],"fave_featured":["0"],"houzez_featured_listing_date":[""],"fave_agent_display_option":["agent_info"],"fave_prop_homeslider":["no"],"fave_energy_class":["G"],"fave_energy_global_index":["kWH\/m\u00b2 pro Jahr \/ j\u00e4hrlich"],"floor_plans":["a:1:{i:0;a:2:{s:15:\"fave_plan_title\";s:9:\"Grundriss\";s:15:\"fave_plan_image\";s:65:\"https:\/\/lifandi.it\/wp-content\/uploads\/2025\/12\/999__plan_b__ro.png\";}}"],"fave_multi_units":["a:0:{}"],"additional_features":["a:0:{}"],"fave_property_map_address":[null],"fave_property_location":["46.49878,11.35924"],"houzez_geolocation_lat":["46.49878"],"houzez_geolocation_long":["11.35924"],"fave_stato-al-rogito":["libero"],"fave_consegna":["su richiesta"],"fave_spese-condominiali":["720 \u20ac im Monat"],"fave_soggiorno":["nein"],"fave_soggiorno-con-angolo-cottura":["nein"],"fave_numero-locali":["8"],"fave_cucina":["nein"],"fave_giardino":["nein"],"fave_mansarda":["nein"],"fave_giardino-condominiale":["nein"],"fave_soffitta":["nein"],"fave_terrazzi":["0"],"fave_poggioli-balconi":["0"],"fave_sottotetto":["0"],"fave_ripostigli":["0"],"fave_mq-giardino":["0"],"fave_cantina":["nein"],"fave_piano-interrato":["nein"],"fave_piano-semi-interrato":["nein"],"fave_piano-terra":["nein"],"fave_piano-rialzato":["nein"],"fave_primo-piano":["ja"],"fave_piano-intermedio":["nein"],"fave_ultimo-piano":["nein"],"fave_piano-numero":["1"],"fave_totale-piani-edificio":["nicht angegeben"],"fave_totale-piani-unitc3a0":["0"],"fave_arredo":["nein"],"fave_cucina-arredata":["nein"],"fave_aria-condizionata":["nein"],"fave_caldaia-a-condensazione":["nein"],"fave_camino":["nein"],"fave_contacalorie":["nein"],"fave_predisposizione-aria-condizionata":["nein"],"fave_raffreddamento-a-pavimento":["nein"],"fave_riscaldamento-autonomo":["nein"],"fave_riscaldamento-centralizzato":["ja"],"fave_riscaldamento-semi-autonomo":["nein"],"fave_riscaldamento-termopompa":["nein"],"fave_pannelli-fotovoltaici":["nein"],"fave_pannelli-solari":["nein"],"fave_accesso-disabili":["nein"],"fave_ascensore":["ja"],"fave_nuovo":["nein"],"fave_grezzo":["nein"],"fave_stato-manutenzione":["optimal"],"_wp_page_template":["default"],"fave_property_images":["41493","41495","41497","41499","41501","41503","41505","41507","41509","41511","41513","41515","41517"],"fave_agents":["18898"],"_wpml_word_count":["108"],"houzez_total_property_views":["39"],"houzez_views_by_date":["a:20:{s:10:\"04-03-2026\";i:1;s:10:\"04-05-2026\";i:7;s:10:\"04-06-2026\";i:3;s:10:\"04-08-2026\";i:2;s:10:\"04-09-2026\";i:1;s:10:\"04-10-2026\";i:1;s:10:\"04-11-2026\";i:6;s:10:\"04-12-2026\";i:1;s:10:\"04-13-2026\";i:1;s:10:\"04-15-2026\";i:1;s:10:\"04-16-2026\";i:1;s:10:\"04-17-2026\";i:1;s:10:\"04-19-2026\";i:2;s:10:\"04-20-2026\";i:1;s:10:\"04-21-2026\";i:3;s:10:\"04-22-2026\";i:2;s:10:\"04-23-2026\";i:1;s:10:\"04-24-2026\";i:1;s:10:\"04-25-2026\";i:1;s:10:\"04-26-2026\";i:2;}"],"houzez_recently_viewed":["2026-04-26 09:23:40"],"_thumbnail_id":["41494"],"_elementor_page_assets":["a:0:{}"]},"_links":{"self":[{"href":"https:\/\/lifandi.it\/de\/wp-json\/wp\/v2\/properties\/47077","targetHints":{"allow":["GET"]}}],"collection":[{"href":"https:\/\/lifandi.it\/de\/wp-json\/wp\/v2\/properties"}],"about":[{"href":"https:\/\/lifandi.it\/de\/wp-json\/wp\/v2\/types\/property"}],"author":[{"embeddable":true,"href":"https:\/\/lifandi.it\/de\/wp-json\/wp\/v2\/users\/6"}],"version-history":[{"count":2,"href":"https:\/\/lifandi.it\/de\/wp-json\/wp\/v2\/properties\/47077\/revisions"}],"predecessor-version":[{"id":58286,"href":"https:\/\/lifandi.it\/de\/wp-json\/wp\/v2\/properties\/47077\/revisions\/58286"}],"wp:featuredmedia":[{"embeddable":true,"href":"https:\/\/lifandi.it\/de\/wp-json\/wp\/v2\/media\/41494"}],"wp:attachment":[{"href":"https:\/\/lifandi.it\/de\/wp-json\/wp\/v2\/media?parent=47077"}],"wp:term":[{"taxonomy":"property_type","embeddable":true,"href":"https:\/\/lifandi.it\/de\/wp-json\/wp\/v2\/property_type?post=47077"},{"taxonomy":"property_status","embeddable":true,"href":"https:\/\/lifandi.it\/de\/wp-json\/wp\/v2\/property_status?post=47077"},{"taxonomy":"property_feature","embeddable":true,"href":"https:\/\/lifandi.it\/de\/wp-json\/wp\/v2\/property_feature?post=47077"},{"taxonomy":"property_label","embeddable":true,"href":"https:\/\/lifandi.it\/de\/wp-json\/wp\/v2\/property_label?post=47077"},{"taxonomy":"property_country","embeddable":true,"href":"https:\/\/lifandi.it\/de\/wp-json\/wp\/v2\/property_country?post=47077"},{"taxonomy":"property_state","embeddable":true,"href":"https:\/\/lifandi.it\/de\/wp-json\/wp\/v2\/property_state?post=47077"},{"taxonomy":"property_city","embeddable":true,"href":"https:\/\/lifandi.it\/de\/wp-json\/wp\/v2\/property_city?post=47077"},{"taxonomy":"property_area","embeddable":true,"href":"https:\/\/lifandi.it\/de\/wp-json\/wp\/v2\/property_area?post=47077"}],"curies":[{"name":"wp","href":"https:\/\/api.w.org\/{rel}","templated":true}]}}